{"id":21944,"date":"2025-10-11T20:31:40","date_gmt":"2025-10-11T18:31:40","guid":{"rendered":"https:\/\/horeca-spanje.com\/?post_type=property&#038;p=21944"},"modified":"2026-01-15T16:41:44","modified_gmt":"2026-01-15T15:41:44","slug":"kasteel-villa-te-koop-in-ibi","status":"publish","type":"property","link":"https:\/\/horeca-spanje.com\/es\/property\/kasteel-villa-te-koop-in-ibi\/","title":{"rendered":"Castillo villa en venta en Ibi"},"content":{"rendered":"<h3 data-start=\"7956\" data-end=\"8054\"><strong data-start=\"7960\" data-end=\"8054\">Villa Castillo \u00danica en Venta en <a href=\"https:\/\/es.wikipedia.org\/wiki\/Ibi\" target=\"_blank\" rel=\"noopener\">Ibi<\/a>\u00a0 Una Joya Inmobiliaria con Historia y Gran Potencial<\/strong><\/h3>\n<p data-start=\"8056\" data-end=\"8244\">\u00bfBusca una inversi\u00f3n \u00fanica rodeada de naturaleza, historia y encanto, con infinitas posibilidades? Entonces esta villa castillo \/ hotel en venta en Ibi es exactamente lo que est\u00e1 buscando.<\/p>\n<p data-start=\"8246\" data-end=\"8564\">Esta extraordinaria villa del siglo XIX, conocida localmente como el ic\u00f3nico <strong data-start=\"8323\" data-end=\"8348\">\u201cCastillo del Regalo\u201d<\/strong>, ofrece una oportunidad excepcional para quienes desean adquirir una propiedad con car\u00e1cter en la provincia de Alicante, ideal para convertirla en una finca de lujo, centro de retiros o residencia privada exclusiva.<\/p>\n<p data-start=\"8246\" data-end=\"8564\"><img fetchpriority=\"high\" decoding=\"async\" class=\"alignnone size-medium wp-image-21784\" src=\"https:\/\/horeca-spanje.com\/wp-content\/uploads\/2022\/02\/IBI-La-Regalo-Horeca-Spanje-10-300x201.jpg\" alt=\"IBI La Regalo Horeca Spanje\" width=\"300\" height=\"201\" srcset=\"https:\/\/horeca-spanje.com\/wp-content\/uploads\/2022\/02\/IBI-La-Regalo-Horeca-Spanje-10-300x201.jpg 300w, https:\/\/horeca-spanje.com\/wp-content\/uploads\/2022\/02\/IBI-La-Regalo-Horeca-Spanje-10-496x333.jpg 496w, https:\/\/horeca-spanje.com\/wp-content\/uploads\/2022\/02\/IBI-La-Regalo-Horeca-Spanje-10.jpg 768w\" sizes=\"(max-width: 300px) 100vw, 300px\" \/><\/p>\n<h3 data-start=\"8566\" data-end=\"8599\"><strong data-start=\"8570\" data-end=\"8599\">Ubicaci\u00f3n y Accesibilidad<\/strong><\/h3>\n<p data-start=\"8601\" data-end=\"8824\">Situada en un entorno id\u00edlico, a solo dos kil\u00f3metros del centro de Ibi, esta villa hist\u00f3rica se encuentra en una de las zonas m\u00e1s pr\u00f3speras y activas de la regi\u00f3n. Todos los servicios est\u00e1n cerca y la conexi\u00f3n es excelente:<\/p>\n<ul data-start=\"8826\" data-end=\"9046\">\n<li data-start=\"8826\" data-end=\"8865\">\n<p data-start=\"8828\" data-end=\"8865\">30 minutos de la ciudad de Alicante<\/p>\n<\/li>\n<li data-start=\"8866\" data-end=\"8913\">\n<p data-start=\"8868\" data-end=\"8913\">30 minutos de las playas de la Costa Blanca<\/p>\n<\/li>\n<li data-start=\"8914\" data-end=\"8972\">\n<p data-start=\"8916\" data-end=\"8972\">30 minutos del Aeropuerto Internacional Alicante-Elche<\/p>\n<\/li>\n<li data-start=\"8973\" data-end=\"9046\">\n<p data-start=\"8975\" data-end=\"9046\">20 minutos de la estaci\u00f3n AVE de Villena (Madrid en menos de 2 horas)<\/p>\n<\/li>\n<\/ul>\n<p data-start=\"9048\" data-end=\"9141\">La cercan\u00eda a la autov\u00eda garantiza una excelente conexi\u00f3n con Alcoy, Jijona, Tibi y Alicante.<\/p>\n<h3 data-start=\"9143\" data-end=\"9185\"><strong data-start=\"9147\" data-end=\"9185\">Propiedad Hist\u00f3rica con Aire Noble<\/strong><\/h3>\n<p data-start=\"9187\" data-end=\"9528\">El edificio principal, de estilo castillo, es un magn\u00edfico ejemplo de la arquitectura aristocr\u00e1tica valenciana del siglo XIX, utilizada originalmente como residencia de verano. La propiedad respira historia, elegancia y autenticidad. En su interior se encuentran varias salas nobles y una capilla privada que refuerzan su car\u00e1cter exclusivo.<\/p>\n<h3 data-start=\"9530\" data-end=\"9561\"><strong data-start=\"9534\" data-end=\"9561\">Edificaciones y Terreno<\/strong><\/h3>\n<p data-start=\"9563\" data-end=\"9580\">La finca incluye:<\/p>\n<ul data-start=\"9582\" data-end=\"9760\">\n<li data-start=\"9582\" data-end=\"9686\">\n<p data-start=\"9584\" data-end=\"9686\">Villa principal y edificaciones auxiliares con <strong data-start=\"9631\" data-end=\"9655\">1.100 m\u00b2 construidos<\/strong>, distribuidos en dos plantas<\/p>\n<\/li>\n<li data-start=\"9687\" data-end=\"9760\">\n<p data-start=\"9689\" data-end=\"9760\">Almac\u00e9n agr\u00edcola independiente y garaje de <strong data-start=\"9732\" data-end=\"9742\">418 m\u00b2<\/strong>, en buen estado<\/p>\n<\/li>\n<\/ul>\n<p data-start=\"9762\" data-end=\"9870\">La propiedad se asienta sobre una impresionante parcela de <strong data-start=\"9821\" data-end=\"9857\">112.232 m\u00b2 (m\u00e1s de 11 hect\u00e1reas)<\/strong> que incluye:<\/p>\n<ul data-start=\"9872\" data-end=\"9975\">\n<li data-start=\"9872\" data-end=\"9898\">\n<p data-start=\"9874\" data-end=\"9898\">63.722 m\u00b2 de almendros<\/p>\n<\/li>\n<li data-start=\"9899\" data-end=\"9922\">\n<p data-start=\"9901\" data-end=\"9922\">29.991 m\u00b2 de olivos<\/p>\n<\/li>\n<li data-start=\"9923\" data-end=\"9945\">\n<p data-start=\"9925\" data-end=\"9945\">15.331 m\u00b2 de pinar<\/p>\n<\/li>\n<li data-start=\"9946\" data-end=\"9975\">\n<p data-start=\"9948\" data-end=\"9975\">Un peque\u00f1o jard\u00edn privado<\/p>\n<\/li>\n<\/ul>\n<p data-start=\"9977\" data-end=\"10112\">Dispone adem\u00e1s de una gran piscina circular, apta para riego y otros usos, que se llena autom\u00e1ticamente con agua natural de la monta\u00f1a.<\/p>\n<h3 data-start=\"10114\" data-end=\"10158\"><strong data-start=\"10118\" data-end=\"10158\">Renovaci\u00f3n y Acompa\u00f1amiento Integral<\/strong><\/h3>\n<p data-start=\"10160\" data-end=\"10487\">Aunque el edificio principal requiere una renovaci\u00f3n parcial, esto representa una magn\u00edfica oportunidad para adaptarlo completamente a su gusto. Como agentes inmobiliarios en Espa\u00f1a, le ofrecemos acompa\u00f1amiento total durante todo el proceso. Junto a un arquitecto local experimentado, gestionamos dise\u00f1o, licencias y ejecuci\u00f3n.<\/p>\n<p data-start=\"10489\" data-end=\"10539\">Su visi\u00f3n hecha realidad, sin estr\u00e9s ni sorpresas.<\/p>\n<h3 data-start=\"10541\" data-end=\"10573\"><strong data-start=\"10545\" data-end=\"10573\">Ideal para Uso Comercial<\/strong><\/h3>\n<p data-start=\"10575\" data-end=\"10703\">Gracias a sus caracter\u00edsticas \u00fanicas, su entorno natural y la amplitud del terreno, esta villa castillo en Ibi es perfecta para:<\/p>\n<ul data-start=\"10705\" data-end=\"10850\">\n<li data-start=\"10705\" data-end=\"10736\">\n<p data-start=\"10707\" data-end=\"10736\">Retiros de bienestar o yoga<\/p>\n<\/li>\n<li data-start=\"10737\" data-end=\"10765\">\n<p data-start=\"10739\" data-end=\"10765\">Proyectos de agroturismo<\/p>\n<\/li>\n<li data-start=\"10766\" data-end=\"10806\">\n<p data-start=\"10768\" data-end=\"10806\">Espacio para eventos o celebraciones<\/p>\n<\/li>\n<li data-start=\"10807\" data-end=\"10850\">\n<p data-start=\"10809\" data-end=\"10850\">O como residencia privada de alto nivel<\/p>\n<\/li>\n<\/ul>\n<p data-start=\"10852\" data-end=\"10987\">La cercan\u00eda a parques naturales como Font Roja, Barranc dels Molins, San Pascual y Carrasqueta la convierte en un enclave privilegiado.<\/p>\n<h3 data-start=\"10989\" data-end=\"11022\"><strong data-start=\"10993\" data-end=\"11022\">\u00bfPor Qu\u00e9 Invertir en Ibi?<\/strong><\/h3>\n<p data-start=\"11024\" data-end=\"11309\">Ibi es un municipio din\u00e1mico y econ\u00f3micamente s\u00f3lido, con una rica tradici\u00f3n cultural y una comunidad activa. Ofrece el equilibrio perfecto entre tranquilidad, naturaleza y buena conexi\u00f3n. Invertir en Ibi es apostar por una zona con un mercado inmobiliario estable y proyecci\u00f3n futura.<\/p>\n<p data-start=\"11024\" data-end=\"11309\">Ibi es un municipio consolidado y din\u00e1mico situado en el interior de la provincia de Alicante, rodeado de monta\u00f1as, bosques y parques naturales de gran valor ecol\u00f3gico. Tradicionalmente reconocido como la cuna de la industria juguetera en Espa\u00f1a, Ibi ha sabido evolucionar hacia una econom\u00eda diversificada, s\u00f3lida y orientada al futuro.<\/p>\n<h3 data-start=\"11311\" data-end=\"11368\"><strong data-start=\"11315\" data-end=\"11368\">Una Oportunidad \u00danica para Inversores Visionarios<\/strong><\/h3>\n<p data-start=\"11370\" data-end=\"11560\">Propiedades como esta aparecen muy pocas veces en el mercado. Su valor hist\u00f3rico, gran extensi\u00f3n, potencial agr\u00edcola y m\u00faltiples usos convierten este castillo en una oportunidad excepcional.<\/p>\n<p data-start=\"11562\" data-end=\"11608\">\u00bfDesea m\u00e1s informaci\u00f3n o concertar una visita?<\/p>\n<p data-start=\"11610\" data-end=\"11756\">Contacte hoy mismo con su agente inmobiliario en Espa\u00f1a. Estaremos encantados de acompa\u00f1arle en este exclusivo proyecto de inversi\u00f3n y renovaci\u00f3n.<\/p>\n<p data-start=\"11758\" data-end=\"11808\"><strong data-start=\"11758\" data-end=\"11805\">\u00bfSer\u00e1 usted el nuevo guardi\u00e1n del castillo?<\/strong><\/p>\n","protected":false},"excerpt":{"rendered":"<p>Villa Castillo \u00danica en Venta en Ibi\u00a0 Una Joya Inmobiliaria con Historia y Gran Potencial \u00bfBusca una inversi\u00f3n \u00fanica rodeada de naturaleza, historia y encanto, con infinitas posibilidades? Entonces esta villa castillo \/ hotel en venta en Ibi es exactamente lo que est\u00e1 buscando. Esta extraordinaria villa del siglo XIX, conocida localmente como el ic\u00f3nico [&hellip;]<\/p>\n","protected":false},"author":5,"featured_media":21788,"parent":0,"menu_order":0,"template":"","property_type":[183,184],"property_status":[198],"property_feature":[420,415,416,418,431,422,429,430,432],"property_label":[275],"property_state":[689],"property_city":[604],"property_area":[479,690],"class_list":["post-21944","property","type-property","status-publish","has-post-thumbnail","hentry","property_type-hotel-bb-camping-es","property_type-casco-propiedades-de-inversion","property_status-se-vende","property_feature-cerca-de-las-comodidades","property_feature-cerca-de-tiendas-y-restaurantes","property_feature-cerca-del-campo-de-golf","property_feature-cerca-del-centro","property_feature-estacionamiento","property_feature-garaje","property_feature-orientacion-s-e","property_feature-orientacion-s-o","property_feature-piscina-privada","property_label-hacer-y-ofrecer","property_state-alicante-2-es","property_city-ibi","property_area-marina-baixa","property_area-costa-blanca-es"],"property_meta":{"_wpml_word_count":["696"],"_wpml_media_featured":["1"],"_wpml_media_duplicate":["1"],"rs_page_bg_color":[""],"_yoast_wpseo_content_score":["30"],"_yoast_wpseo_focuskeywords":["[{\"keyword\":\"hotel ibis\",\"score\":\"ok\"},{\"keyword\":\"ibis budget hotel spanje\",\"score\":\"ok\"},{\"keyword\":\"ibis spanje\",\"score\":\"ok\"},{\"keyword\":\"ibis budget spanje\",\"score\":\"ok\"}]"],"_yoast_wpseo_keywordsynonyms":["[\"\",\"\",\"\",\"\",\"\"]"],"_yoast_wpseo_estimated-reading-time-minutes":["2"],"houzez_geolocation_lat":["38.618017226835"],"houzez_geolocation_long":["-0.56957839528486"],"fave_property_map_street_view":["hide"],"_yoast_wpseo_focuskw":["Ibi Spanje"],"_yoast_wpseo_metadesc":["Extraordinaria villa del siglo XIX, situada en un entorno id\u00edlico, a dos kil\u00f3metros del centro urbano de la localidad de Ibi"],"_yoast_wpseo_linkdex":["54"],"_yoast_wpseo_primary_property_label":["526"],"_yoast_wpseo_primary_property_state":["129"],"fave_property_rooms":["1"],"fave_video_url":["https:\/\/www.youtube.com\/watch?v=pYJxTFfzSV8"],"_yoast_wpseo_primary_property_type":["177"],"_yoast_wpseo_primary_property_status":["194"],"_yoast_wpseo_primary_property_city":["604"],"_yoast_wpseo_primary_property_area":["479"],"fave_energy_class":["H"],"_yoast_wpseo_primary_property_feature":["369"],"fave_property_size_prefix":["1518"],"_edit_lock":["1768491566:5"],"_edit_last":["5"],"_last_translation_edit_mode":["native-editor"],"fave_agent_display_option":["agent_info"],"fave_property_id":["JB010"],"fave_property_location":["38.618017226835,-0.56957839528486,15"],"fave_property_map":["1"],"fave_property_map_address":["Ibi, l'Alcoi\u00e0, Alicante, Valencia, 03440, Spanje"],"houzez_total_property_views":["2450"],"houzez_views_by_date":["a:61:{s:10:\"02-26-2026\";i:2;s:10:\"02-27-2026\";i:5;s:10:\"02-28-2026\";i:2;s:10:\"03-01-2026\";i:4;s:10:\"03-02-2026\";i:6;s:10:\"03-03-2026\";i:5;s:10:\"03-04-2026\";i:3;s:10:\"03-06-2026\";i:2;s:10:\"03-07-2026\";i:10;s:10:\"03-08-2026\";i:8;s:10:\"03-09-2026\";i:6;s:10:\"03-10-2026\";i:5;s:10:\"03-11-2026\";i:2;s:10:\"03-12-2026\";i:3;s:10:\"03-13-2026\";i:1;s:10:\"03-14-2026\";i:4;s:10:\"03-15-2026\";i:3;s:10:\"03-16-2026\";i:4;s:10:\"03-17-2026\";i:3;s:10:\"03-18-2026\";i:4;s:10:\"03-19-2026\";i:1;s:10:\"03-20-2026\";i:3;s:10:\"03-21-2026\";i:1;s:10:\"03-23-2026\";i:4;s:10:\"03-24-2026\";i:4;s:10:\"03-25-2026\";i:3;s:10:\"03-26-2026\";i:2;s:10:\"03-27-2026\";i:5;s:10:\"03-28-2026\";i:1;s:10:\"03-29-2026\";i:4;s:10:\"03-30-2026\";i:3;s:10:\"03-31-2026\";i:1;s:10:\"04-01-2026\";i:1;s:10:\"04-02-2026\";i:6;s:10:\"04-03-2026\";i:1;s:10:\"04-04-2026\";i:3;s:10:\"04-05-2026\";i:3;s:10:\"04-06-2026\";i:2;s:10:\"04-08-2026\";i:1;s:10:\"04-09-2026\";i:4;s:10:\"04-10-2026\";i:2;s:10:\"04-11-2026\";i:2;s:10:\"04-12-2026\";i:2;s:10:\"04-13-2026\";i:2;s:10:\"04-14-2026\";i:4;s:10:\"04-15-2026\";i:3;s:10:\"04-16-2026\";i:3;s:10:\"04-17-2026\";i:3;s:10:\"04-18-2026\";i:1;s:10:\"04-19-2026\";i:4;s:10:\"04-20-2026\";i:4;s:10:\"04-21-2026\";i:1;s:10:\"04-22-2026\";i:2;s:10:\"04-23-2026\";i:1;s:10:\"04-24-2026\";i:4;s:10:\"04-25-2026\";i:1;s:10:\"04-27-2026\";i:2;s:10:\"04-28-2026\";i:2;s:10:\"04-30-2026\";i:3;s:10:\"05-01-2026\";i:3;s:10:\"05-02-2026\";i:3;}"],"houzez_recently_viewed":["2026-05-02 15:12:33"],"rank_math_primary_property_label":["526"],"rank_math_primary_property_state":["129"],"rank_math_primary_property_type":["177"],"rank_math_primary_property_status":["194"],"rank_math_primary_property_city":["604"],"rank_math_primary_property_area":["479"],"rank_math_primary_property_feature":["369"],"rank_math_description":["Extraordinaria villa del siglo XIX, situada en un entorno id\u00edlico, a dos kil\u00f3metros del centro urbano de la localidad de Ibi"],"rank_math_focus_keyword":["ibi"],"rank_math_news_sitemap_robots":["index"],"rank_math_robots":["a:1:{i:0;s:5:\"index\";}"],"rank_math_seo_score":["75"],"rank_math_internal_links_processed":["1"],"houzez_manual_expire":["0"],"_houzez_expiration_date_status":["saved"],"fave_payment_status":["not_paid"],"_thumbnail_id":["21788"],"fave_property_price":["650000"],"fave_property_bathrooms":["10"],"fave_property_bedrooms":["10"],"fave_property_land":["112.232"],"fave_property_size":["1100"],"fave_property_garage":["4"],"fave_property_garage_size":["418"],"fave_property_year":["1900"],"houzez_featured_listing_date":[""],"fave_property_images":["21745","21749","21753","21757","21761","21765","21769","21773","21777","21781","21785","21789","21793","21797","21801","21805","21809","21813","21817","21821","21825","21829","21833","21837","21841","21845","21849","21853","21857","21861","21865","21869","21873","21877","21881","21885","21889","21893","21897","21901","21905","21909","21913","21917","21921","21925","21929","21933","21937"],"fave_featured":["0"]},"_links":{"self":[{"href":"https:\/\/horeca-spanje.com\/es\/wp-json\/wp\/v2\/properties\/21944","targetHints":{"allow":["GET"]}}],"collection":[{"href":"https:\/\/horeca-spanje.com\/es\/wp-json\/wp\/v2\/properties"}],"about":[{"href":"https:\/\/horeca-spanje.com\/es\/wp-json\/wp\/v2\/types\/property"}],"author":[{"embeddable":true,"href":"https:\/\/horeca-spanje.com\/es\/wp-json\/wp\/v2\/users\/5"}],"version-history":[{"count":5,"href":"https:\/\/horeca-spanje.com\/es\/wp-json\/wp\/v2\/properties\/21944\/revisions"}],"predecessor-version":[{"id":30051,"href":"https:\/\/horeca-spanje.com\/es\/wp-json\/wp\/v2\/properties\/21944\/revisions\/30051"}],"wp:featuredmedia":[{"embeddable":true,"href":"https:\/\/horeca-spanje.com\/es\/wp-json\/wp\/v2\/media\/21788"}],"wp:attachment":[{"href":"https:\/\/horeca-spanje.com\/es\/wp-json\/wp\/v2\/media?parent=21944"}],"wp:term":[{"taxonomy":"property_type","embeddable":true,"href":"https:\/\/horeca-spanje.com\/es\/wp-json\/wp\/v2\/property_type?post=21944"},{"taxonomy":"property_status","embeddable":true,"href":"https:\/\/horeca-spanje.com\/es\/wp-json\/wp\/v2\/property_status?post=21944"},{"taxonomy":"property_feature","embeddable":true,"href":"https:\/\/horeca-spanje.com\/es\/wp-json\/wp\/v2\/property_feature?post=21944"},{"taxonomy":"property_label","embeddable":true,"href":"https:\/\/horeca-spanje.com\/es\/wp-json\/wp\/v2\/property_label?post=21944"},{"taxonomy":"property_state","embeddable":true,"href":"https:\/\/horeca-spanje.com\/es\/wp-json\/wp\/v2\/property_state?post=21944"},{"taxonomy":"property_city","embeddable":true,"href":"https:\/\/horeca-spanje.com\/es\/wp-json\/wp\/v2\/property_city?post=21944"},{"taxonomy":"property_area","embeddable":true,"href":"https:\/\/horeca-spanje.com\/es\/wp-json\/wp\/v2\/property_area?post=21944"}],"curies":[{"name":"wp","href":"https:\/\/api.w.org\/{rel}","templated":true}]}}